{"id":675,"date":"2022-10-31T12:47:55","date_gmt":"2022-10-31T12:47:55","guid":{"rendered":"https:\/\/natusvini.pt\/?page_id=675"},"modified":"2025-07-09T14:20:11","modified_gmt":"2025-07-09T14:20:11","slug":"natus-branco","status":"publish","type":"page","link":"https:\/\/natusvini.pt\/index.php\/vinhos-2\/natus-branco\/","title":{"rendered":"Natus Branco"},"content":{"rendered":"\t\t<div data-elementor-type=\"wp-page\" data-elementor-id=\"675\" class=\"elementor elementor-675\">\n\t\t\t\t\t\t<section class=\"elementor-section elementor-top-section elementor-element elementor-element-2087fa49 elementor-section-boxed elementor-section-height-default elementor-section-height-default\" data-id=\"2087fa49\" data-element_type=\"section\" data-e-type=\"section\">\n\t\t\t\t\t\t<div class=\"elementor-container elementor-column-gap-default\">\n\t\t\t\t\t<div class=\"elementor-column elementor-col-100 elementor-top-column elementor-element elementor-element-4b8ce1a\" data-id=\"4b8ce1a\" data-element_type=\"column\" data-e-type=\"column\">\n\t\t\t<div class=\"elementor-widget-wrap\">\n\t\t\t\t\t\t\t<\/div>\n\t\t<\/div>\n\t\t\t\t\t<\/div>\n\t\t<\/section>\n\t\t\t\t<section class=\"elementor-section elementor-top-section elementor-element elementor-element-39ab8f6 elementor-section-boxed elementor-section-height-default elementor-section-height-default\" data-id=\"39ab8f6\" data-element_type=\"section\" data-e-type=\"section\">\n\t\t\t\t\t\t<div class=\"elementor-container elementor-column-gap-default\">\n\t\t\t\t\t<div class=\"elementor-column elementor-col-100 elementor-top-column elementor-element elementor-element-2f124b81\" data-id=\"2f124b81\" data-element_type=\"column\" data-e-type=\"column\">\n\t\t\t<div class=\"elementor-widget-wrap elementor-element-populated\">\n\t\t\t\t\t\t<div class=\"elementor-element elementor-element-1117ae59 elementor-widget elementor-widget-heading\" data-id=\"1117ae59\" data-element_type=\"widget\" data-e-type=\"widget\" data-widget_type=\"heading.default\">\n\t\t\t\t<div class=\"elementor-widget-container\">\n\t\t\t\t\t<h2 class=\"elementor-heading-title elementor-size-default\">Natus 2023 Branco<\/h2>\t\t\t\t<\/div>\n\t\t\t\t<\/div>\n\t\t\t\t<section class=\"elementor-section elementor-inner-section elementor-element elementor-element-9df4ee4 elementor-section-boxed elementor-section-height-default elementor-section-height-default\" data-id=\"9df4ee4\" data-element_type=\"section\" data-e-type=\"section\">\n\t\t\t\t\t\t<div class=\"elementor-container elementor-column-gap-default\">\n\t\t\t\t\t<div class=\"elementor-column elementor-col-50 elementor-inner-column elementor-element elementor-element-b82ad31\" data-id=\"b82ad31\" data-element_type=\"column\" data-e-type=\"column\">\n\t\t\t<div class=\"elementor-widget-wrap elementor-element-populated\">\n\t\t\t\t\t\t<div class=\"elementor-element elementor-element-68d8a202 elementor-widget__width-auto elementor-widget elementor-widget-image\" data-id=\"68d8a202\" data-element_type=\"widget\" data-e-type=\"widget\" data-widget_type=\"image.default\">\n\t\t\t\t<div class=\"elementor-widget-container\">\n\t\t\t\t\t\t\t\t\t\t\t\t\t\t\t<img fetchpriority=\"high\" decoding=\"async\" width=\"359\" height=\"1024\" src=\"https:\/\/natusvini.pt\/wp-content\/uploads\/2023\/10\/Garrafa-Natus-Branco-Sem-ano-359x1024.jpg\" class=\"attachment-large size-large wp-image-756\" alt=\"\" srcset=\"https:\/\/natusvini.pt\/wp-content\/uploads\/2023\/10\/Garrafa-Natus-Branco-Sem-ano-359x1024.jpg 359w, https:\/\/natusvini.pt\/wp-content\/uploads\/2023\/10\/Garrafa-Natus-Branco-Sem-ano-105x300.jpg 105w, https:\/\/natusvini.pt\/wp-content\/uploads\/2023\/10\/Garrafa-Natus-Branco-Sem-ano-768x2188.jpg 768w, https:\/\/natusvini.pt\/wp-content\/uploads\/2023\/10\/Garrafa-Natus-Branco-Sem-ano-539x1536.jpg 539w, https:\/\/natusvini.pt\/wp-content\/uploads\/2023\/10\/Garrafa-Natus-Branco-Sem-ano-719x2048.jpg 719w\" sizes=\"(max-width: 359px) 100vw, 359px\" \/>\t\t\t\t\t\t\t\t\t\t\t\t\t\t\t<\/div>\n\t\t\t\t<\/div>\n\t\t\t\t\t<\/div>\n\t\t<\/div>\n\t\t\t\t<div class=\"elementor-column elementor-col-50 elementor-inner-column elementor-element elementor-element-70bd9f63\" data-id=\"70bd9f63\" data-element_type=\"column\" data-e-type=\"column\">\n\t\t\t<div class=\"elementor-widget-wrap elementor-element-populated\">\n\t\t\t\t\t\t<div class=\"elementor-element elementor-element-6f208b04 elementor-widget__width-auto elementor-widget elementor-widget-text-editor\" data-id=\"6f208b04\" data-element_type=\"widget\" data-e-type=\"widget\" data-widget_type=\"text-editor.default\">\n\t\t\t\t<div class=\"elementor-widget-container\">\n\t\t\t\t\t\t\t\t\t<p>\u00a0<\/p><p>No cora\u00e7\u00e3o da Vidigueira, no sop\u00e9 Sul da Serra do Mendro, em solos xistosos de textura Franco Arenosa e Franco Limosa, est\u00e3o plantadas\u00a0<span style=\"font-style: inherit; letter-spacing: -0.3px; color: var(--ast-global-color-3); background-color: var( --e-global-color-c696dce );\">as vinhas, que deram origem a este vinho. As castas tradicionais, maioritariamente Roupeiro, Ant\u00e3o Vaz e Gouveio, colhidas \u00e0 m\u00e3o, foram\u00a0<\/span><span style=\"font-style: inherit; letter-spacing: -0.3px; color: var(--ast-global-color-3); background-color: var( --e-global-color-c696dce );\">pisadas a p\u00e9 em lagar, durante 2 dias. Ao arranque espont\u00e2neo da fermenta\u00e7\u00e3o, as uvas foram prensadas e o mosto mantido em Talhas <\/span><span style=\"font-style: inherit; letter-spacing: -0.3px; color: var(--ast-global-color-3); background-color: var( --e-global-color-c696dce );\">tradicionais e barricas usadas de carvalho, at\u00e9 fim da fermenta\u00e7\u00e3o alco\u00f3lica. O est\u00e1gio de 8 meses, foi feito nas barricas de fermenta\u00e7\u00e3o,\u00a0<\/span><span style=\"font-style: inherit; letter-spacing: -0.3px; color: var(--ast-global-color-3); background-color: var( --e-global-color-c696dce );\">atestadas pelas Talhas, em borras totais, com uma agita\u00e7\u00e3o ligeira a cada m\u00eas.<\/span><\/p><p><span style=\"font-style: inherit; letter-spacing: -0.3px; color: var(--ast-global-color-3); background-color: var( --e-global-color-c696dce );\">Ap\u00f3s decanta\u00e7\u00e3o, engarrafamos, um vinho n\u00e3o estabilizado, com ligeira filtra\u00e7\u00e3o.<\/span><\/p><div>\u00a0<\/div><p><strong style=\"font-style: inherit; letter-spacing: -0.3px; color: var(--ast-global-color-3);\">Notas de Prova<\/strong><\/p><p class=\"p1\">Cor amarelo palha. Intenso aroma de ma\u00e7\u00e3 bravo de Esmolfe, intercalado com notas de flores brancas, favo de mel e fruto seco. Na boca, a curtimenta parcial, revela taninos finos, notas salinas e grande volume, que, em conjunto, revelam caracter gastron\u00f3mico e grande complexidade. Harmonioso, denso e largo, pede pratos ricos no Inverno \u00e0 mesa, e longas, quentes noites, no Ver\u00e3o.<\/p><p style=\"font-size: 17px; font-style: normal; letter-spacing: normal;\"><strong style=\"color: var(--ast-global-color-3);\">Informa\u00e7\u00e3o T\u00e9cnica<\/strong><\/p><p style=\"font-size: 17px; font-style: normal; letter-spacing: normal;\">pH: 3,40 Acidez Total: 5,4g\/l A\u00e7\u00facares Totais: 0,6g\/l \u00c1lcool: 12,5%<\/p><p style=\"font-size: 17px; font-style: normal; letter-spacing: normal;\">Valor Cal\u00f3rico 77kcal\/100ml<\/p><p class=\"p1\">Engarrafadas 2.910 garrafas 750ml e 12 garrafas 1.500ml na propriedade familiar, em Julho 2024. Recomenda-se consumo de 10 a 12<span class=\"s1\">\u00ba.\u00e3<\/span><\/p>\t\t\t\t\t\t\t\t<\/div>\n\t\t\t\t<\/div>\n\t\t\t\t\t<\/div>\n\t\t<\/div>\n\t\t\t\t\t<\/div>\n\t\t<\/section>\n\t\t\t\t\t<\/div>\n\t\t<\/div>\n\t\t\t\t\t<\/div>\n\t\t<\/section>\n\t\t\t\t<section class=\"elementor-section elementor-top-section elementor-element elementor-element-8acec6e elementor-section-boxed elementor-section-height-default elementor-section-height-default\" data-id=\"8acec6e\" data-element_type=\"section\" data-e-type=\"section\">\n\t\t\t\t\t\t<div class=\"elementor-container elementor-column-gap-default\">\n\t\t\t\t\t<div class=\"elementor-column elementor-col-100 elementor-top-column elementor-element elementor-element-656a9e9\" data-id=\"656a9e9\" data-element_type=\"column\" data-e-type=\"column\">\n\t\t\t<div class=\"elementor-widget-wrap elementor-element-populated\">\n\t\t\t\t\t\t<div class=\"elementor-element elementor-element-8b13320 elementor-widget elementor-widget-heading\" data-id=\"8b13320\" data-element_type=\"widget\" data-e-type=\"widget\" data-widget_type=\"heading.default\">\n\t\t\t\t<div class=\"elementor-widget-container\">\n\t\t\t\t\t<h4 class=\"elementor-heading-title elementor-size-default\">Fichas T\u00e9cnicas | Technical Sheets<\/h4>\t\t\t\t<\/div>\n\t\t\t\t<\/div>\n\t\t\t\t\t<\/div>\n\t\t<\/div>\n\t\t\t\t\t<\/div>\n\t\t<\/section>\n\t\t\t\t<section class=\"elementor-section elementor-top-section elementor-element elementor-element-7e1d4e9 elementor-section-boxed elementor-section-height-default elementor-section-height-default\" data-id=\"7e1d4e9\" data-element_type=\"section\" data-e-type=\"section\">\n\t\t\t\t\t\t<div class=\"elementor-container elementor-column-gap-default\">\n\t\t\t\t\t<div class=\"elementor-column elementor-col-100 elementor-top-column elementor-element elementor-element-d3c4c3d\" data-id=\"d3c4c3d\" data-element_type=\"column\" data-e-type=\"column\">\n\t\t\t<div class=\"elementor-widget-wrap elementor-element-populated\">\n\t\t\t\t\t\t<div class=\"elementor-element elementor-element-69258a1 elementor-widget elementor-widget-text-editor\" data-id=\"69258a1\" data-element_type=\"widget\" data-e-type=\"widget\" data-widget_type=\"text-editor.default\">\n\t\t\t\t<div class=\"elementor-widget-container\">\n\t\t\t\t\t\t\t\t\t<h6><a href=\"http:\/\/natusvini.pt\/wp-content\/uploads\/2025\/02\/FICHA_Tecnica_Natus_branco_2023.pdf\">2023 PT<\/a> | <a href=\"http:\/\/natusvini.pt\/wp-content\/uploads\/2025\/02\/Ficha-tecnica-Natus-Branco-2023-Ingles.pdf\">2023 ENG<\/a> | <a href=\"http:\/\/natusvini.pt\/wp-content\/uploads\/2024\/01\/FICHA_tecnica_natus_branco2022.pdf\">2022 PT<\/a> | <a href=\"http:\/\/natusvini.pt\/wp-content\/uploads\/2023\/10\/FICHAT1.pdf\">2022 ENG<\/a> | <a href=\"http:\/\/natusvini.pt\/wp-content\/uploads\/2025\/02\/Ficha-tecnica-Natus-Branco-2021-Portugues.pdf\">2021 PT<\/a> | <a href=\"http:\/\/natusvini.pt\/wp-content\/uploads\/2025\/02\/Natus_White_2021.pdf\">2021 ENG<\/a><\/h6>\t\t\t\t\t\t\t\t<\/div>\n\t\t\t\t<\/div>\n\t\t\t\t\t<\/div>\n\t\t<\/div>\n\t\t\t\t\t<\/div>\n\t\t<\/section>\n\t\t\t\t<\/div>\n\t\t","protected":false},"excerpt":{"rendered":"<p>Natus 2023 Branco \u00a0 No cora\u00e7\u00e3o da Vidigueira, no sop\u00e9 Sul da Serra do Mendro, em solos xistosos de textura Franco Arenosa e Franco Limosa, est\u00e3o plantadas\u00a0as vinhas, que deram origem a este vinho. As castas tradicionais, maioritariamente Roupeiro, Ant\u00e3o Vaz e Gouveio, colhidas \u00e0 m\u00e3o, foram\u00a0pisadas a p\u00e9 em lagar, durante 2 dias. Ao [&hellip;]<\/p>\n","protected":false},"author":1,"featured_media":0,"parent":684,"menu_order":2,"comment_status":"closed","ping_status":"closed","template":"elementor_header_footer","meta":{"site-sidebar-layout":"no-sidebar","site-content-layout":"page-builder","ast-site-content-layout":"default","site-content-style":"default","site-sidebar-style":"default","ast-global-header-display":"","ast-banner-title-visibility":"","ast-main-header-display":"","ast-hfb-above-header-display":"","ast-hfb-below-header-display":"","ast-hfb-mobile-header-display":"","site-post-title":"disabled","ast-breadcrumbs-content":"","ast-featured-img":"disabled","footer-sml-layout":"","ast-disable-related-posts":"","theme-transparent-header-meta":"","adv-header-id-meta":"","stick-header-meta":"","header-above-stick-meta":"","header-main-stick-meta":"","header-below-stick-meta":"","astra-migrate-meta-layouts":"default","ast-page-background-enabled":"default","ast-page-background-meta":{"desktop":{"background-color":"var(--ast-global-color-4)","background-image":"","background-repeat":"repeat","background-position":"center center","background-size":"auto","background-attachment":"scroll","background-type":"","background-media":"","overlay-type":"","overlay-color":"","overlay-opacity":"","overlay-gradient":""},"tablet":{"background-color":"","background-image":"","background-repeat":"repeat","background-position":"center center","background-size":"auto","background-attachment":"scroll","background-type":"","background-media":"","overlay-type":"","overlay-color":"","overlay-opacity":"","overlay-gradient":""},"mobile":{"background-color":"","background-image":"","background-repeat":"repeat","background-position":"center center","background-size":"auto","background-attachment":"scroll","background-type":"","background-media":"","overlay-type":"","overlay-color":"","overlay-opacity":"","overlay-gradient":""}},"ast-content-background-meta":{"desktop":{"background-color":"var(--ast-global-color-5)","background-image":"","background-repeat":"repeat","background-position":"center center","background-size":"auto","background-attachment":"scroll","background-type":"","background-media":"","overlay-type":"","overlay-color":"","overlay-opacity":"","overlay-gradient":""},"tablet":{"background-color":"var(--ast-global-color-5)","background-image":"","background-repeat":"repeat","background-position":"center center","background-size":"auto","background-attachment":"scroll","background-type":"","background-media":"","overlay-type":"","overlay-color":"","overlay-opacity":"","overlay-gradient":""},"mobile":{"background-color":"var(--ast-global-color-5)","background-image":"","background-repeat":"repeat","background-position":"center center","background-size":"auto","background-attachment":"scroll","background-type":"","background-media":"","overlay-type":"","overlay-color":"","overlay-opacity":"","overlay-gradient":""}},"footnotes":""},"class_list":["post-675","page","type-page","status-publish","hentry"],"jetpack_sharing_enabled":true,"_links":{"self":[{"href":"https:\/\/natusvini.pt\/index.php\/wp-json\/wp\/v2\/pages\/675","targetHints":{"allow":["GET"]}}],"collection":[{"href":"https:\/\/natusvini.pt\/index.php\/wp-json\/wp\/v2\/pages"}],"about":[{"href":"https:\/\/natusvini.pt\/index.php\/wp-json\/wp\/v2\/types\/page"}],"author":[{"embeddable":true,"href":"https:\/\/natusvini.pt\/index.php\/wp-json\/wp\/v2\/users\/1"}],"replies":[{"embeddable":true,"href":"https:\/\/natusvini.pt\/index.php\/wp-json\/wp\/v2\/comments?post=675"}],"version-history":[{"count":62,"href":"https:\/\/natusvini.pt\/index.php\/wp-json\/wp\/v2\/pages\/675\/revisions"}],"predecessor-version":[{"id":1176,"href":"https:\/\/natusvini.pt\/index.php\/wp-json\/wp\/v2\/pages\/675\/revisions\/1176"}],"up":[{"embeddable":true,"href":"https:\/\/natusvini.pt\/index.php\/wp-json\/wp\/v2\/pages\/684"}],"wp:attachment":[{"href":"https:\/\/natusvini.pt\/index.php\/wp-json\/wp\/v2\/media?parent=675"}],"curies":[{"name":"wp","href":"https:\/\/api.w.org\/{rel}","templated":true}]}}